{"id":162,"date":"2023-06-03T09:45:22","date_gmt":"2023-06-03T09:45:22","guid":{"rendered":"https:\/\/www.csiliz.sk\/?page_id=162"},"modified":"2025-12-05T12:02:43","modified_gmt":"2025-12-05T12:02:43","slug":"csilizkozi-nepfoiskola","status":"publish","type":"page","link":"https:\/\/www.csiliz.sk\/?page_id=162","title":{"rendered":"Csiliz Menti N\u00e9pf\u0151iskola"},"content":{"rendered":"\t\t<div data-elementor-type=\"wp-page\" data-elementor-id=\"162\" class=\"elementor elementor-162\" data-elementor-post-type=\"page\">\n\t\t\t\t<div class=\"elementor-element elementor-element-1464055 e-flex e-con-boxed e-con e-parent\" data-id=\"1464055\" data-element_type=\"container\" data-core-v316-plus=\"true\">\n\t\t\t\t\t<div class=\"e-con-inner\">\n\t\t\t\t<div class=\"elementor-element elementor-element-09a7653 elementor-widget elementor-widget-text-editor\" data-id=\"09a7653\" data-element_type=\"widget\" data-widget_type=\"text-editor.default\">\n\t\t\t\t<div class=\"elementor-widget-container\">\n\t\t\t<style>\/*! elementor - v3.20.0 - 26-03-2024 *\/\n.elementor-widget-text-editor.elementor-drop-cap-view-stacked .elementor-drop-cap{background-color:#69727d;color:#fff}.elementor-widget-text-editor.elementor-drop-cap-view-framed .elementor-drop-cap{color:#69727d;border:3px solid;background-color:transparent}.elementor-widget-text-editor:not(.elementor-drop-cap-view-default) .elementor-drop-cap{margin-top:8px}.elementor-widget-text-editor:not(.elementor-drop-cap-view-default) .elementor-drop-cap-letter{width:1em;height:1em}.elementor-widget-text-editor .elementor-drop-cap{float:left;text-align:center;line-height:1;font-size:50px}.elementor-widget-text-editor .elementor-drop-cap-letter{display:inline-block}<\/style>\t\t\t\tK\u00fcldet\u00e9se:\n<ul>\n \t<li>Szervezetet \u00e9s keretet biztos\u00edtani Csall\u00f3k\u00f6z, Csilizk\u00f6z falvaiban azon tev\u00e9kenys\u00e9geknek, egy\u00e9neknek \u00e9s csoportoknak, amelyek az itt \u00e9l\u0151 magyar nemzeti k\u00f6z\u00f6ss\u00e9get szolg\u00e1lj\u00e1k.<\/li>\n \t<li>Csall\u00f3k\u00f6zben, Csilizk\u00f6zben \u00e9l\u0151k magyars\u00e1gtudat\u00e1nak megtart\u00e1sa \u00e9s er\u0151s\u00edt\u00e9se.<\/li>\n \t<li>\u00c9p\u00edteni \u00e9s er\u0151s\u00edteni a szellemi-kultur\u00e1lis k\u00f6z\u00f6ss\u00e9gi \u00e9letet a k\u00f6z\u00f6ss\u00e9g mindegyik koroszt\u00e1ly\u00e1ban.<\/li>\n<\/ul>\n\n\n \tC\u00e9ljai:\n<ul>\n \t<li>Tev\u00e9kenyen \u00e1polni a n\u00e9pi-nemzeti, kereszt\u00e9ny \u00e9rt\u00e9keket. Felkutatni, \u0151rizni \u00e9s \u00e9letben tartani a n\u00e9pi hagyom\u00e1nyokat.<\/li>\n \t<li>Felkarolni \u00e9s t\u00e1mogatni azokat az egy\u00e9neket, csoportokat \u00e9s kezdem\u00e9nyez\u00e9seket, amelyek Csall\u00f3k\u00f6z, Csilizk\u00f6z falvai k\u00f6z\u00f6ss\u00e9g\u00e9nek szellemi \u00e9s testi gyarapod\u00e1s\u00e1t szolg\u00e1lj\u00e1k.<\/li>\n \t<li>K\u00f6z\u00f6ss\u00e9gi \u00e9lm\u00e9nyeket teremteni a feln\u0151ttek \u00e9s fiatalok minden koroszt\u00e1ly\u00e1nak.<\/li>\n \t<li>Szakmai szervez\u00e9si \u00e9s infrastruktur\u00e1lis seg\u00edts\u00e9get ny\u00fajtani azon programoknak, amelyek seg\u00edtik tev\u00e9kenyen meg\u00e9lni a magyars\u00e1gtudatot, \u00e9s er\u0151s\u00edtik az \u00f6sszetartoz\u00e1st a kisebbs\u00e9gi l\u00e9tben.<\/li>\n \t<li>Nemzeti \u00fcnnepeink programjainak szervez\u00e9se \u00e9s megval\u00f3s\u00edt\u00e1sa.\n&#8211; A t\u00e9rs\u00e9gben felkutatni \u00e9s eml\u00e9ket \u00e1ll\u00edtani a helyi magyar t\u00f6rt\u00e9nelemi id\u0151kh\u00f6z k\u00f6t\u0151d\u0151 szem\u00e9lyis\u00e9gnek.<\/li>\n<\/ul>\t\t\t\t\t\t<\/div>\n\t\t\t\t<\/div>\n\t\t\t\t\t<\/div>\n\t\t\t\t<\/div>\n\t\t\t\t<\/div>\n\t\t","protected":false},"excerpt":{"rendered":"<p>K\u00fcldet\u00e9se: Szervezetet \u00e9s keretet biztos\u00edtani Csall\u00f3k\u00f6z, Csilizk\u00f6z falvaiban azon tev\u00e9kenys\u00e9geknek, egy\u00e9neknek \u00e9s csoportoknak, amelyek az itt \u00e9l\u0151 magyar nemzeti k\u00f6z\u00f6ss\u00e9get szolg\u00e1lj\u00e1k. Csall\u00f3k\u00f6zben, Csilizk\u00f6zben \u00e9l\u0151k magyars\u00e1gtudat\u00e1nak megtart\u00e1sa \u00e9s er\u0151s\u00edt\u00e9se. \u00c9p\u00edteni \u00e9s er\u0151s\u00edteni a szellemi-kultur\u00e1lis k\u00f6z\u00f6ss\u00e9gi \u00e9letet a k\u00f6z\u00f6ss\u00e9g mindegyik koroszt\u00e1ly\u00e1ban. C\u00e9ljai: Tev\u00e9kenyen \u00e1polni a n\u00e9pi-nemzeti, kereszt\u00e9ny \u00e9rt\u00e9keket. Felkutatni, \u0151rizni \u00e9s \u00e9letben tartani a n\u00e9pi hagyom\u00e1nyokat. Felkarolni [&hellip;]<\/p>\n","protected":false},"author":1,"featured_media":234,"parent":0,"menu_order":0,"comment_status":"closed","ping_status":"closed","template":"","meta":{"_monsterinsights_skip_tracking":false,"_monsterinsights_sitenote_active":false,"_monsterinsights_sitenote_note":"","_monsterinsights_sitenote_category":0,"footnotes":""},"class_list":["post-162","page","type-page","status-publish","has-post-thumbnail","hentry"],"yoast_head":"<!-- This site is optimized with the Yoast SEO plugin v22.3 - https:\/\/yoast.com\/wordpress\/plugins\/seo\/ -->\n<title>Csiliz Menti N\u00e9pf\u0151iskola - Csiliz Menti N\u00e9pf\u0151iskola<\/title>\n<meta name=\"robots\" content=\"index, follow, max-snippet:-1, max-image-preview:large, max-video-preview:-1\" \/>\n<link rel=\"canonical\" href=\"https:\/\/www.csiliz.sk\/?page_id=162\" \/>\n<meta property=\"og:locale\" content=\"hu_HU\" \/>\n<meta property=\"og:type\" content=\"article\" \/>\n<meta property=\"og:title\" content=\"Csiliz Menti N\u00e9pf\u0151iskola - Csiliz Menti N\u00e9pf\u0151iskola\" \/>\n<meta property=\"og:description\" content=\"K\u00fcldet\u00e9se: Szervezetet \u00e9s keretet biztos\u00edtani Csall\u00f3k\u00f6z, Csilizk\u00f6z falvaiban azon tev\u00e9kenys\u00e9geknek, egy\u00e9neknek \u00e9s csoportoknak, amelyek az itt \u00e9l\u0151 magyar nemzeti k\u00f6z\u00f6ss\u00e9get szolg\u00e1lj\u00e1k. Csall\u00f3k\u00f6zben, Csilizk\u00f6zben \u00e9l\u0151k magyars\u00e1gtudat\u00e1nak megtart\u00e1sa \u00e9s er\u0151s\u00edt\u00e9se. \u00c9p\u00edteni \u00e9s er\u0151s\u00edteni a szellemi-kultur\u00e1lis k\u00f6z\u00f6ss\u00e9gi \u00e9letet a k\u00f6z\u00f6ss\u00e9g mindegyik koroszt\u00e1ly\u00e1ban. C\u00e9ljai: Tev\u00e9kenyen \u00e1polni a n\u00e9pi-nemzeti, kereszt\u00e9ny \u00e9rt\u00e9keket. Felkutatni, \u0151rizni \u00e9s \u00e9letben tartani a n\u00e9pi hagyom\u00e1nyokat. Felkarolni [&hellip;]\" \/>\n<meta property=\"og:url\" content=\"https:\/\/www.csiliz.sk\/?page_id=162\" \/>\n<meta property=\"og:site_name\" content=\"Csiliz Menti N\u00e9pf\u0151iskola\" \/>\n<meta property=\"article:modified_time\" content=\"2025-12-05T12:02:43+00:00\" \/>\n<meta property=\"og:image\" content=\"https:\/\/www.csiliz.sk\/wp-content\/uploads\/2023\/06\/Platan-Foto.jpg\" \/>\n\t<meta property=\"og:image:width\" content=\"768\" \/>\n\t<meta property=\"og:image:height\" content=\"512\" \/>\n\t<meta property=\"og:image:type\" content=\"image\/jpeg\" \/>\n<meta name=\"twitter:card\" content=\"summary_large_image\" \/>\n<meta name=\"twitter:label1\" content=\"Becs\u00fclt olvas\u00e1si id\u0151\" \/>\n\t<meta name=\"twitter:data1\" content=\"1 perc\" \/>\n<script type=\"application\/ld+json\" class=\"yoast-schema-graph\">{\"@context\":\"https:\/\/schema.org\",\"@graph\":[{\"@type\":\"WebPage\",\"@id\":\"https:\/\/www.csiliz.sk\/?page_id=162\",\"url\":\"https:\/\/www.csiliz.sk\/?page_id=162\",\"name\":\"Csiliz Menti N\u00e9pf\u0151iskola - Csiliz Menti N\u00e9pf\u0151iskola\",\"isPartOf\":{\"@id\":\"https:\/\/www.csiliz.sk\/#website\"},\"primaryImageOfPage\":{\"@id\":\"https:\/\/www.csiliz.sk\/?page_id=162#primaryimage\"},\"image\":{\"@id\":\"https:\/\/www.csiliz.sk\/?page_id=162#primaryimage\"},\"thumbnailUrl\":\"https:\/\/www.csiliz.sk\/wp-content\/uploads\/2023\/06\/Platan-Foto.jpg\",\"datePublished\":\"2023-06-03T09:45:22+00:00\",\"dateModified\":\"2025-12-05T12:02:43+00:00\",\"breadcrumb\":{\"@id\":\"https:\/\/www.csiliz.sk\/?page_id=162#breadcrumb\"},\"inLanguage\":\"hu\",\"potentialAction\":[{\"@type\":\"ReadAction\",\"target\":[\"https:\/\/www.csiliz.sk\/?page_id=162\"]}]},{\"@type\":\"ImageObject\",\"inLanguage\":\"hu\",\"@id\":\"https:\/\/www.csiliz.sk\/?page_id=162#primaryimage\",\"url\":\"https:\/\/www.csiliz.sk\/wp-content\/uploads\/2023\/06\/Platan-Foto.jpg\",\"contentUrl\":\"https:\/\/www.csiliz.sk\/wp-content\/uploads\/2023\/06\/Platan-Foto.jpg\",\"width\":768,\"height\":512},{\"@type\":\"BreadcrumbList\",\"@id\":\"https:\/\/www.csiliz.sk\/?page_id=162#breadcrumb\",\"itemListElement\":[{\"@type\":\"ListItem\",\"position\":1,\"name\":\"Home\",\"item\":\"https:\/\/www.csiliz.sk\/\"},{\"@type\":\"ListItem\",\"position\":2,\"name\":\"Csiliz Menti N\u00e9pf\u0151iskola\"}]},{\"@type\":\"WebSite\",\"@id\":\"https:\/\/www.csiliz.sk\/#website\",\"url\":\"https:\/\/www.csiliz.sk\/\",\"name\":\"Csiliz Menti N\u00e9pf\u0151iskola\",\"description\":\"\",\"publisher\":{\"@id\":\"https:\/\/www.csiliz.sk\/#organization\"},\"potentialAction\":[{\"@type\":\"SearchAction\",\"target\":{\"@type\":\"EntryPoint\",\"urlTemplate\":\"https:\/\/www.csiliz.sk\/?s={search_term_string}\"},\"query-input\":\"required name=search_term_string\"}],\"inLanguage\":\"hu\"},{\"@type\":\"Organization\",\"@id\":\"https:\/\/www.csiliz.sk\/#organization\",\"name\":\"Csiliz Menti N\u00e9pf\u0151iskola\",\"url\":\"https:\/\/www.csiliz.sk\/\",\"logo\":{\"@type\":\"ImageObject\",\"inLanguage\":\"hu\",\"@id\":\"https:\/\/www.csiliz.sk\/#\/schema\/logo\/image\/\",\"url\":\"https:\/\/www.csiliz.sk\/wp-content\/uploads\/2023\/05\/cropped-logo_szines.png\",\"contentUrl\":\"https:\/\/www.csiliz.sk\/wp-content\/uploads\/2023\/05\/cropped-logo_szines.png\",\"width\":719,\"height\":539,\"caption\":\"Csiliz Menti N\u00e9pf\u0151iskola\"},\"image\":{\"@id\":\"https:\/\/www.csiliz.sk\/#\/schema\/logo\/image\/\"}}]}<\/script>\n<!-- \/ Yoast SEO plugin. -->","yoast_head_json":{"title":"Csiliz Menti N\u00e9pf\u0151iskola - Csiliz Menti N\u00e9pf\u0151iskola","robots":{"index":"index","follow":"follow","max-snippet":"max-snippet:-1","max-image-preview":"max-image-preview:large","max-video-preview":"max-video-preview:-1"},"canonical":"https:\/\/www.csiliz.sk\/?page_id=162","og_locale":"hu_HU","og_type":"article","og_title":"Csiliz Menti N\u00e9pf\u0151iskola - Csiliz Menti N\u00e9pf\u0151iskola","og_description":"K\u00fcldet\u00e9se: Szervezetet \u00e9s keretet biztos\u00edtani Csall\u00f3k\u00f6z, Csilizk\u00f6z falvaiban azon tev\u00e9kenys\u00e9geknek, egy\u00e9neknek \u00e9s csoportoknak, amelyek az itt \u00e9l\u0151 magyar nemzeti k\u00f6z\u00f6ss\u00e9get szolg\u00e1lj\u00e1k. Csall\u00f3k\u00f6zben, Csilizk\u00f6zben \u00e9l\u0151k magyars\u00e1gtudat\u00e1nak megtart\u00e1sa \u00e9s er\u0151s\u00edt\u00e9se. \u00c9p\u00edteni \u00e9s er\u0151s\u00edteni a szellemi-kultur\u00e1lis k\u00f6z\u00f6ss\u00e9gi \u00e9letet a k\u00f6z\u00f6ss\u00e9g mindegyik koroszt\u00e1ly\u00e1ban. C\u00e9ljai: Tev\u00e9kenyen \u00e1polni a n\u00e9pi-nemzeti, kereszt\u00e9ny \u00e9rt\u00e9keket. Felkutatni, \u0151rizni \u00e9s \u00e9letben tartani a n\u00e9pi hagyom\u00e1nyokat. Felkarolni [&hellip;]","og_url":"https:\/\/www.csiliz.sk\/?page_id=162","og_site_name":"Csiliz Menti N\u00e9pf\u0151iskola","article_modified_time":"2025-12-05T12:02:43+00:00","og_image":[{"width":768,"height":512,"url":"https:\/\/www.csiliz.sk\/wp-content\/uploads\/2023\/06\/Platan-Foto.jpg","type":"image\/jpeg"}],"twitter_card":"summary_large_image","twitter_misc":{"Becs\u00fclt olvas\u00e1si id\u0151":"1 perc"},"schema":{"@context":"https:\/\/schema.org","@graph":[{"@type":"WebPage","@id":"https:\/\/www.csiliz.sk\/?page_id=162","url":"https:\/\/www.csiliz.sk\/?page_id=162","name":"Csiliz Menti N\u00e9pf\u0151iskola - Csiliz Menti N\u00e9pf\u0151iskola","isPartOf":{"@id":"https:\/\/www.csiliz.sk\/#website"},"primaryImageOfPage":{"@id":"https:\/\/www.csiliz.sk\/?page_id=162#primaryimage"},"image":{"@id":"https:\/\/www.csiliz.sk\/?page_id=162#primaryimage"},"thumbnailUrl":"https:\/\/www.csiliz.sk\/wp-content\/uploads\/2023\/06\/Platan-Foto.jpg","datePublished":"2023-06-03T09:45:22+00:00","dateModified":"2025-12-05T12:02:43+00:00","breadcrumb":{"@id":"https:\/\/www.csiliz.sk\/?page_id=162#breadcrumb"},"inLanguage":"hu","potentialAction":[{"@type":"ReadAction","target":["https:\/\/www.csiliz.sk\/?page_id=162"]}]},{"@type":"ImageObject","inLanguage":"hu","@id":"https:\/\/www.csiliz.sk\/?page_id=162#primaryimage","url":"https:\/\/www.csiliz.sk\/wp-content\/uploads\/2023\/06\/Platan-Foto.jpg","contentUrl":"https:\/\/www.csiliz.sk\/wp-content\/uploads\/2023\/06\/Platan-Foto.jpg","width":768,"height":512},{"@type":"BreadcrumbList","@id":"https:\/\/www.csiliz.sk\/?page_id=162#breadcrumb","itemListElement":[{"@type":"ListItem","position":1,"name":"Home","item":"https:\/\/www.csiliz.sk\/"},{"@type":"ListItem","position":2,"name":"Csiliz Menti N\u00e9pf\u0151iskola"}]},{"@type":"WebSite","@id":"https:\/\/www.csiliz.sk\/#website","url":"https:\/\/www.csiliz.sk\/","name":"Csiliz Menti N\u00e9pf\u0151iskola","description":"","publisher":{"@id":"https:\/\/www.csiliz.sk\/#organization"},"potentialAction":[{"@type":"SearchAction","target":{"@type":"EntryPoint","urlTemplate":"https:\/\/www.csiliz.sk\/?s={search_term_string}"},"query-input":"required name=search_term_string"}],"inLanguage":"hu"},{"@type":"Organization","@id":"https:\/\/www.csiliz.sk\/#organization","name":"Csiliz Menti N\u00e9pf\u0151iskola","url":"https:\/\/www.csiliz.sk\/","logo":{"@type":"ImageObject","inLanguage":"hu","@id":"https:\/\/www.csiliz.sk\/#\/schema\/logo\/image\/","url":"https:\/\/www.csiliz.sk\/wp-content\/uploads\/2023\/05\/cropped-logo_szines.png","contentUrl":"https:\/\/www.csiliz.sk\/wp-content\/uploads\/2023\/05\/cropped-logo_szines.png","width":719,"height":539,"caption":"Csiliz Menti N\u00e9pf\u0151iskola"},"image":{"@id":"https:\/\/www.csiliz.sk\/#\/schema\/logo\/image\/"}}]}},"_links":{"self":[{"href":"https:\/\/www.csiliz.sk\/index.php?rest_route=\/wp\/v2\/pages\/162","targetHints":{"allow":["GET"]}}],"collection":[{"href":"https:\/\/www.csiliz.sk\/index.php?rest_route=\/wp\/v2\/pages"}],"about":[{"href":"https:\/\/www.csiliz.sk\/index.php?rest_route=\/wp\/v2\/types\/page"}],"author":[{"embeddable":true,"href":"https:\/\/www.csiliz.sk\/index.php?rest_route=\/wp\/v2\/users\/1"}],"replies":[{"embeddable":true,"href":"https:\/\/www.csiliz.sk\/index.php?rest_route=%2Fwp%2Fv2%2Fcomments&post=162"}],"version-history":[{"count":9,"href":"https:\/\/www.csiliz.sk\/index.php?rest_route=\/wp\/v2\/pages\/162\/revisions"}],"predecessor-version":[{"id":991,"href":"https:\/\/www.csiliz.sk\/index.php?rest_route=\/wp\/v2\/pages\/162\/revisions\/991"}],"wp:featuredmedia":[{"embeddable":true,"href":"https:\/\/www.csiliz.sk\/index.php?rest_route=\/wp\/v2\/media\/234"}],"wp:attachment":[{"href":"https:\/\/www.csiliz.sk\/index.php?rest_route=%2Fwp%2Fv2%2Fmedia&parent=162"}],"curies":[{"name":"wp","href":"https:\/\/api.w.org\/{rel}","templated":true}]}}