{"id":1073,"date":"2026-03-19T13:30:18","date_gmt":"2026-03-19T13:30:18","guid":{"rendered":"https:\/\/www.csiliz.sk\/?page_id=1073"},"modified":"2026-03-19T13:32:26","modified_gmt":"2026-03-19T13:32:26","slug":"koszonet","status":"publish","type":"page","link":"https:\/\/www.csiliz.sk\/?page_id=1073","title":{"rendered":"K\u00f6sz\u00f6net"},"content":{"rendered":"\n<p>Szeretn\u00e9nk kifejezni \u0151szinte h\u00e1l\u00e1nkat mindazoknak, akik eddig t\u00e1mogatt\u00e1k munk\u00e1nkat. K\u00fcl\u00f6n k\u00f6sz\u00f6net illeti azokat, akik bizalmukkal \u00e9s seg\u00edts\u00e9g\u00fckkel hozz\u00e1j\u00e1rultak c\u00e9ljaink megval\u00f3s\u00edt\u00e1s\u00e1hoz. Nagyra \u00e9rt\u00e9kelj\u00fck az egy\u00fcttm\u0171k\u00f6d\u00e9st \u00e9s az elk\u00f6telezetts\u00e9get, amelyet k\u00f6z\u00f6s \u00fcgy\u00fcnk ir\u00e1nt tan\u00fas\u00edtanak. H\u00e1l\u00e1sak vagyunk mindenkinek, aki mellett\u00fcnk \u00e1llt az eddigi id\u0151szakban. Egyben k\u00f6sz\u00f6netet mondunk azoknak is, akik a j\u00f6v\u0151ben k\u00edv\u00e1nj\u00e1k t\u00e1mogatni tev\u00e9kenys\u00e9g\u00fcnket. Az \u00d6n\u00f6k seg\u00edts\u00e9ge n\u00e9lk\u00fcl mindez nem val\u00f3sulhatna meg. Tov\u00e1bbi k\u00f6z\u00f6s sikerekben b\u00edzva k\u00f6sz\u00f6nj\u00fck a folyamatos t\u00e1mogat\u00e1st.<\/p>\n\n\n\n<p>Int\u00e9z\u00e9nyi t\u00e1mogat\u00f3ink: <\/p>\n\n\n\n<figure class=\"wp-block-image size-full\"><img fetchpriority=\"high\" decoding=\"async\" width=\"300\" height=\"168\" src=\"https:\/\/www.csiliz.sk\/wp-content\/uploads\/2026\/03\/NMI-LOgo.png\" alt=\"\" class=\"wp-image-1076\"\/><\/figure>\n\n\n\n<figure class=\"wp-block-image size-full is-resized\"><a href=\"https:\/\/www.bgazrt.hu\"><img decoding=\"async\" width=\"300\" height=\"294\" src=\"https:\/\/www.csiliz.sk\/wp-content\/uploads\/2026\/03\/bga_alap_logo-300x294_002.png\" alt=\"\" class=\"wp-image-1074\" style=\"width:300px;height:auto\"\/><\/a><\/figure>\n\n\n\n<p> <\/p>\n\n\n\n<figure class=\"wp-block-image size-full\"><img decoding=\"async\" width=\"340\" height=\"148\" src=\"https:\/\/www.csiliz.sk\/wp-content\/uploads\/2026\/03\/Logo-Kultminor.png\" alt=\"\" class=\"wp-image-1079\" srcset=\"https:\/\/www.csiliz.sk\/wp-content\/uploads\/2026\/03\/Logo-Kultminor.png 340w, https:\/\/www.csiliz.sk\/wp-content\/uploads\/2026\/03\/Logo-Kultminor-300x131.png 300w\" sizes=\"(max-width: 340px) 100vw, 340px\" \/><\/figure>\n","protected":false},"excerpt":{"rendered":"<p>Szeretn\u00e9nk kifejezni \u0151szinte h\u00e1l\u00e1nkat mindazoknak, akik eddig t\u00e1mogatt\u00e1k munk\u00e1nkat. K\u00fcl\u00f6n k\u00f6sz\u00f6net illeti azokat, akik bizalmukkal \u00e9s seg\u00edts\u00e9g\u00fckkel hozz\u00e1j\u00e1rultak c\u00e9ljaink megval\u00f3s\u00edt\u00e1s\u00e1hoz. Nagyra \u00e9rt\u00e9kelj\u00fck az egy\u00fcttm\u0171k\u00f6d\u00e9st \u00e9s az elk\u00f6telezetts\u00e9get, amelyet k\u00f6z\u00f6s \u00fcgy\u00fcnk ir\u00e1nt tan\u00fas\u00edtanak. H\u00e1l\u00e1sak vagyunk mindenkinek, aki mellett\u00fcnk \u00e1llt az eddigi id\u0151szakban. Egyben k\u00f6sz\u00f6netet mondunk azoknak is, akik a j\u00f6v\u0151ben k\u00edv\u00e1nj\u00e1k t\u00e1mogatni tev\u00e9kenys\u00e9g\u00fcnket. Az \u00d6n\u00f6k seg\u00edts\u00e9ge [&hellip;]<\/p>\n","protected":false},"author":6,"featured_media":0,"parent":0,"menu_order":0,"comment_status":"closed","ping_status":"closed","template":"","meta":{"_monsterinsights_skip_tracking":false,"_monsterinsights_sitenote_active":false,"_monsterinsights_sitenote_note":"","_monsterinsights_sitenote_category":0,"footnotes":""},"class_list":["post-1073","page","type-page","status-publish","hentry"],"yoast_head":"<!-- This site is optimized with the Yoast SEO plugin v22.3 - https:\/\/yoast.com\/wordpress\/plugins\/seo\/ -->\n<title>K\u00f6sz\u00f6net - Csiliz Menti N\u00e9pf\u0151iskola<\/title>\n<meta name=\"robots\" content=\"index, follow, max-snippet:-1, max-image-preview:large, max-video-preview:-1\" \/>\n<link rel=\"canonical\" href=\"https:\/\/www.csiliz.sk\/?page_id=1073\" \/>\n<meta property=\"og:locale\" content=\"hu_HU\" \/>\n<meta property=\"og:type\" content=\"article\" \/>\n<meta property=\"og:title\" content=\"K\u00f6sz\u00f6net - Csiliz Menti N\u00e9pf\u0151iskola\" \/>\n<meta property=\"og:description\" content=\"Szeretn\u00e9nk kifejezni \u0151szinte h\u00e1l\u00e1nkat mindazoknak, akik eddig t\u00e1mogatt\u00e1k munk\u00e1nkat. K\u00fcl\u00f6n k\u00f6sz\u00f6net illeti azokat, akik bizalmukkal \u00e9s seg\u00edts\u00e9g\u00fckkel hozz\u00e1j\u00e1rultak c\u00e9ljaink megval\u00f3s\u00edt\u00e1s\u00e1hoz. Nagyra \u00e9rt\u00e9kelj\u00fck az egy\u00fcttm\u0171k\u00f6d\u00e9st \u00e9s az elk\u00f6telezetts\u00e9get, amelyet k\u00f6z\u00f6s \u00fcgy\u00fcnk ir\u00e1nt tan\u00fas\u00edtanak. H\u00e1l\u00e1sak vagyunk mindenkinek, aki mellett\u00fcnk \u00e1llt az eddigi id\u0151szakban. Egyben k\u00f6sz\u00f6netet mondunk azoknak is, akik a j\u00f6v\u0151ben k\u00edv\u00e1nj\u00e1k t\u00e1mogatni tev\u00e9kenys\u00e9g\u00fcnket. Az \u00d6n\u00f6k seg\u00edts\u00e9ge [&hellip;]\" \/>\n<meta property=\"og:url\" content=\"https:\/\/www.csiliz.sk\/?page_id=1073\" \/>\n<meta property=\"og:site_name\" content=\"Csiliz Menti N\u00e9pf\u0151iskola\" \/>\n<meta property=\"article:modified_time\" content=\"2026-03-19T13:32:26+00:00\" \/>\n<meta property=\"og:image\" content=\"https:\/\/www.csiliz.sk\/wp-content\/uploads\/2026\/03\/NMI-LOgo.png\" \/>\n<meta name=\"twitter:card\" content=\"summary_large_image\" \/>\n<meta name=\"twitter:label1\" content=\"Becs\u00fclt olvas\u00e1si id\u0151\" \/>\n\t<meta name=\"twitter:data1\" content=\"1 perc\" \/>\n<script type=\"application\/ld+json\" class=\"yoast-schema-graph\">{\"@context\":\"https:\/\/schema.org\",\"@graph\":[{\"@type\":\"WebPage\",\"@id\":\"https:\/\/www.csiliz.sk\/?page_id=1073\",\"url\":\"https:\/\/www.csiliz.sk\/?page_id=1073\",\"name\":\"K\u00f6sz\u00f6net - Csiliz Menti N\u00e9pf\u0151iskola\",\"isPartOf\":{\"@id\":\"https:\/\/www.csiliz.sk\/#website\"},\"primaryImageOfPage\":{\"@id\":\"https:\/\/www.csiliz.sk\/?page_id=1073#primaryimage\"},\"image\":{\"@id\":\"https:\/\/www.csiliz.sk\/?page_id=1073#primaryimage\"},\"thumbnailUrl\":\"https:\/\/www.csiliz.sk\/wp-content\/uploads\/2026\/03\/NMI-LOgo.png\",\"datePublished\":\"2026-03-19T13:30:18+00:00\",\"dateModified\":\"2026-03-19T13:32:26+00:00\",\"breadcrumb\":{\"@id\":\"https:\/\/www.csiliz.sk\/?page_id=1073#breadcrumb\"},\"inLanguage\":\"hu\",\"potentialAction\":[{\"@type\":\"ReadAction\",\"target\":[\"https:\/\/www.csiliz.sk\/?page_id=1073\"]}]},{\"@type\":\"ImageObject\",\"inLanguage\":\"hu\",\"@id\":\"https:\/\/www.csiliz.sk\/?page_id=1073#primaryimage\",\"url\":\"https:\/\/www.csiliz.sk\/wp-content\/uploads\/2026\/03\/NMI-LOgo.png\",\"contentUrl\":\"https:\/\/www.csiliz.sk\/wp-content\/uploads\/2026\/03\/NMI-LOgo.png\",\"width\":300,\"height\":168},{\"@type\":\"BreadcrumbList\",\"@id\":\"https:\/\/www.csiliz.sk\/?page_id=1073#breadcrumb\",\"itemListElement\":[{\"@type\":\"ListItem\",\"position\":1,\"name\":\"Home\",\"item\":\"https:\/\/www.csiliz.sk\/\"},{\"@type\":\"ListItem\",\"position\":2,\"name\":\"K\u00f6sz\u00f6net\"}]},{\"@type\":\"WebSite\",\"@id\":\"https:\/\/www.csiliz.sk\/#website\",\"url\":\"https:\/\/www.csiliz.sk\/\",\"name\":\"Csiliz Menti N\u00e9pf\u0151iskola\",\"description\":\"\",\"publisher\":{\"@id\":\"https:\/\/www.csiliz.sk\/#organization\"},\"potentialAction\":[{\"@type\":\"SearchAction\",\"target\":{\"@type\":\"EntryPoint\",\"urlTemplate\":\"https:\/\/www.csiliz.sk\/?s={search_term_string}\"},\"query-input\":\"required name=search_term_string\"}],\"inLanguage\":\"hu\"},{\"@type\":\"Organization\",\"@id\":\"https:\/\/www.csiliz.sk\/#organization\",\"name\":\"Csiliz Menti N\u00e9pf\u0151iskola\",\"url\":\"https:\/\/www.csiliz.sk\/\",\"logo\":{\"@type\":\"ImageObject\",\"inLanguage\":\"hu\",\"@id\":\"https:\/\/www.csiliz.sk\/#\/schema\/logo\/image\/\",\"url\":\"https:\/\/www.csiliz.sk\/wp-content\/uploads\/2023\/05\/cropped-logo_szines.png\",\"contentUrl\":\"https:\/\/www.csiliz.sk\/wp-content\/uploads\/2023\/05\/cropped-logo_szines.png\",\"width\":719,\"height\":539,\"caption\":\"Csiliz Menti N\u00e9pf\u0151iskola\"},\"image\":{\"@id\":\"https:\/\/www.csiliz.sk\/#\/schema\/logo\/image\/\"}}]}<\/script>\n<!-- \/ Yoast SEO plugin. -->","yoast_head_json":{"title":"K\u00f6sz\u00f6net - Csiliz Menti N\u00e9pf\u0151iskola","robots":{"index":"index","follow":"follow","max-snippet":"max-snippet:-1","max-image-preview":"max-image-preview:large","max-video-preview":"max-video-preview:-1"},"canonical":"https:\/\/www.csiliz.sk\/?page_id=1073","og_locale":"hu_HU","og_type":"article","og_title":"K\u00f6sz\u00f6net - Csiliz Menti N\u00e9pf\u0151iskola","og_description":"Szeretn\u00e9nk kifejezni \u0151szinte h\u00e1l\u00e1nkat mindazoknak, akik eddig t\u00e1mogatt\u00e1k munk\u00e1nkat. K\u00fcl\u00f6n k\u00f6sz\u00f6net illeti azokat, akik bizalmukkal \u00e9s seg\u00edts\u00e9g\u00fckkel hozz\u00e1j\u00e1rultak c\u00e9ljaink megval\u00f3s\u00edt\u00e1s\u00e1hoz. Nagyra \u00e9rt\u00e9kelj\u00fck az egy\u00fcttm\u0171k\u00f6d\u00e9st \u00e9s az elk\u00f6telezetts\u00e9get, amelyet k\u00f6z\u00f6s \u00fcgy\u00fcnk ir\u00e1nt tan\u00fas\u00edtanak. H\u00e1l\u00e1sak vagyunk mindenkinek, aki mellett\u00fcnk \u00e1llt az eddigi id\u0151szakban. Egyben k\u00f6sz\u00f6netet mondunk azoknak is, akik a j\u00f6v\u0151ben k\u00edv\u00e1nj\u00e1k t\u00e1mogatni tev\u00e9kenys\u00e9g\u00fcnket. Az \u00d6n\u00f6k seg\u00edts\u00e9ge [&hellip;]","og_url":"https:\/\/www.csiliz.sk\/?page_id=1073","og_site_name":"Csiliz Menti N\u00e9pf\u0151iskola","article_modified_time":"2026-03-19T13:32:26+00:00","og_image":[{"url":"https:\/\/www.csiliz.sk\/wp-content\/uploads\/2026\/03\/NMI-LOgo.png"}],"twitter_card":"summary_large_image","twitter_misc":{"Becs\u00fclt olvas\u00e1si id\u0151":"1 perc"},"schema":{"@context":"https:\/\/schema.org","@graph":[{"@type":"WebPage","@id":"https:\/\/www.csiliz.sk\/?page_id=1073","url":"https:\/\/www.csiliz.sk\/?page_id=1073","name":"K\u00f6sz\u00f6net - Csiliz Menti N\u00e9pf\u0151iskola","isPartOf":{"@id":"https:\/\/www.csiliz.sk\/#website"},"primaryImageOfPage":{"@id":"https:\/\/www.csiliz.sk\/?page_id=1073#primaryimage"},"image":{"@id":"https:\/\/www.csiliz.sk\/?page_id=1073#primaryimage"},"thumbnailUrl":"https:\/\/www.csiliz.sk\/wp-content\/uploads\/2026\/03\/NMI-LOgo.png","datePublished":"2026-03-19T13:30:18+00:00","dateModified":"2026-03-19T13:32:26+00:00","breadcrumb":{"@id":"https:\/\/www.csiliz.sk\/?page_id=1073#breadcrumb"},"inLanguage":"hu","potentialAction":[{"@type":"ReadAction","target":["https:\/\/www.csiliz.sk\/?page_id=1073"]}]},{"@type":"ImageObject","inLanguage":"hu","@id":"https:\/\/www.csiliz.sk\/?page_id=1073#primaryimage","url":"https:\/\/www.csiliz.sk\/wp-content\/uploads\/2026\/03\/NMI-LOgo.png","contentUrl":"https:\/\/www.csiliz.sk\/wp-content\/uploads\/2026\/03\/NMI-LOgo.png","width":300,"height":168},{"@type":"BreadcrumbList","@id":"https:\/\/www.csiliz.sk\/?page_id=1073#breadcrumb","itemListElement":[{"@type":"ListItem","position":1,"name":"Home","item":"https:\/\/www.csiliz.sk\/"},{"@type":"ListItem","position":2,"name":"K\u00f6sz\u00f6net"}]},{"@type":"WebSite","@id":"https:\/\/www.csiliz.sk\/#website","url":"https:\/\/www.csiliz.sk\/","name":"Csiliz Menti N\u00e9pf\u0151iskola","description":"","publisher":{"@id":"https:\/\/www.csiliz.sk\/#organization"},"potentialAction":[{"@type":"SearchAction","target":{"@type":"EntryPoint","urlTemplate":"https:\/\/www.csiliz.sk\/?s={search_term_string}"},"query-input":"required name=search_term_string"}],"inLanguage":"hu"},{"@type":"Organization","@id":"https:\/\/www.csiliz.sk\/#organization","name":"Csiliz Menti N\u00e9pf\u0151iskola","url":"https:\/\/www.csiliz.sk\/","logo":{"@type":"ImageObject","inLanguage":"hu","@id":"https:\/\/www.csiliz.sk\/#\/schema\/logo\/image\/","url":"https:\/\/www.csiliz.sk\/wp-content\/uploads\/2023\/05\/cropped-logo_szines.png","contentUrl":"https:\/\/www.csiliz.sk\/wp-content\/uploads\/2023\/05\/cropped-logo_szines.png","width":719,"height":539,"caption":"Csiliz Menti N\u00e9pf\u0151iskola"},"image":{"@id":"https:\/\/www.csiliz.sk\/#\/schema\/logo\/image\/"}}]}},"_links":{"self":[{"href":"https:\/\/www.csiliz.sk\/index.php?rest_route=\/wp\/v2\/pages\/1073","targetHints":{"allow":["GET"]}}],"collection":[{"href":"https:\/\/www.csiliz.sk\/index.php?rest_route=\/wp\/v2\/pages"}],"about":[{"href":"https:\/\/www.csiliz.sk\/index.php?rest_route=\/wp\/v2\/types\/page"}],"author":[{"embeddable":true,"href":"https:\/\/www.csiliz.sk\/index.php?rest_route=\/wp\/v2\/users\/6"}],"replies":[{"embeddable":true,"href":"https:\/\/www.csiliz.sk\/index.php?rest_route=%2Fwp%2Fv2%2Fcomments&post=1073"}],"version-history":[{"count":2,"href":"https:\/\/www.csiliz.sk\/index.php?rest_route=\/wp\/v2\/pages\/1073\/revisions"}],"predecessor-version":[{"id":1080,"href":"https:\/\/www.csiliz.sk\/index.php?rest_route=\/wp\/v2\/pages\/1073\/revisions\/1080"}],"wp:attachment":[{"href":"https:\/\/www.csiliz.sk\/index.php?rest_route=%2Fwp%2Fv2%2Fmedia&parent=1073"}],"curies":[{"name":"wp","href":"https:\/\/api.w.org\/{rel}","templated":true}]}}